{"id":18737,"date":"2021-11-10T12:43:26","date_gmt":"2021-11-10T12:43:26","guid":{"rendered":"https:\/\/www.outnordtravel.com\/?page_id=18737"},"modified":"2022-10-12T14:53:19","modified_gmt":"2022-10-12T14:53:19","slug":"borda-cal-kali","status":"publish","type":"page","link":"https:\/\/www.outnordtravel.com\/fr\/pyrenees-orientales\/borda-cal-kali\/","title":{"rendered":"Cal Kali"},"content":{"rendered":"\t\t<div data-elementor-type=\"wp-page\" data-elementor-id=\"18737\" class=\"elementor elementor-18737\">\n\t\t\t\t\t\t<section class=\"elementor-section elementor-top-section elementor-element elementor-element-ac83b7b elementor-section-content-middle elementor-section-full_width elementor-section-height-min-height elementor-section-height-default elementor-section-items-middle wpr-particle-no wpr-jarallax-no wpr-parallax-no wpr-sticky-section-no\" data-id=\"ac83b7b\" data-element_type=\"section\" data-settings=\"{&quot;background_background&quot;:&quot;classic&quot;}\">\n\t\t\t\t\t\t\t<div class=\"elementor-background-overlay\"><\/div>\n\t\t\t\t\t\t\t<div class=\"elementor-container elementor-column-gap-default\">\n\t\t\t\t\t<div class=\"elementor-column elementor-col-100 elementor-top-column elementor-element elementor-element-3bc9e321\" data-id=\"3bc9e321\" data-element_type=\"column\" data-settings=\"{&quot;background_background&quot;:&quot;classic&quot;}\">\n\t\t\t<div class=\"elementor-widget-wrap elementor-element-populated\">\n\t\t\t\t\t\t<section class=\"elementor-section elementor-inner-section elementor-element elementor-element-43e0c96 elementor-section-full_width elementor-section-height-min-height elementor-section-content-middle elementor-section-height-default wpr-particle-no wpr-jarallax-no wpr-parallax-no wpr-sticky-section-no\" data-id=\"43e0c96\" data-element_type=\"section\" data-settings=\"{&quot;background_background&quot;:&quot;classic&quot;}\">\n\t\t\t\t\t\t<div class=\"elementor-container elementor-column-gap-default\">\n\t\t\t\t\t<div class=\"elementor-column elementor-col-100 elementor-inner-column elementor-element elementor-element-2955e998\" data-id=\"2955e998\" data-element_type=\"column\" data-settings=\"{&quot;background_background&quot;:&quot;classic&quot;}\">\n\t\t\t<div class=\"elementor-widget-wrap elementor-element-populated\">\n\t\t\t\t\t\t<div class=\"elementor-element elementor-element-364a1fef elementor-widget elementor-widget-heading\" data-id=\"364a1fef\" data-element_type=\"widget\" data-widget_type=\"heading.default\">\n\t\t\t\t\t<h1 class=\"elementor-heading-title elementor-size-default\">Cal Kali<\/h1>\t\t\t\t<\/div>\n\t\t\t\t\t<\/div>\n\t\t<\/div>\n\t\t\t\t\t<\/div>\n\t\t<\/section>\n\t\t\t\t\t<\/div>\n\t\t<\/div>\n\t\t\t\t\t<\/div>\n\t\t<\/section>\n\t\t\t\t<section class=\"elementor-section elementor-top-section elementor-element elementor-element-1aa65c35 elementor-section-content-middle elementor-section-boxed elementor-section-height-default elementor-section-height-default wpr-particle-no wpr-jarallax-no wpr-parallax-no wpr-sticky-section-no\" data-id=\"1aa65c35\" data-element_type=\"section\" id=\"intro\" data-settings=\"{&quot;background_background&quot;:&quot;classic&quot;}\">\n\t\t\t\t\t\t<div class=\"elementor-container elementor-column-gap-default\">\n\t\t\t\t\t<div class=\"elementor-column elementor-col-100 elementor-top-column elementor-element elementor-element-2546c582\" data-id=\"2546c582\" data-element_type=\"column\" data-settings=\"{&quot;background_background&quot;:&quot;classic&quot;}\">\n\t\t\t<div class=\"elementor-widget-wrap elementor-element-populated\">\n\t\t\t\t\t\t<div class=\"elementor-element elementor-element-3b26870e elementor-widget elementor-widget-text-editor\" data-id=\"3b26870e\" data-element_type=\"widget\" data-widget_type=\"text-editor.default\">\n\t\t\t\t\t\t\t\t\t<p>Cal Kali est une\u00a0<strong>ancienne maison de montagne enti\u00e8rement r\u00e9nov\u00e9e situ\u00e9e \u00e0 Les Cortals<\/strong>, un petit village nich\u00e9 \u00e0 une altitude de 1 750 m\u00e8tres dans les prairies sauvages du\u00a0<strong>Haut-Conflent, entre Font-Romeu, Les Angles et La Llagonne<\/strong>. Une r\u00e9gion o\u00f9 il y a encore des fermes qui fabriquent du fromage artisanal, cultivent des pommes de terre locales et o\u00f9 les animaux paissent dans les pr\u00e9s.<\/p><p>\u00a0<\/p><p>Ici, vous profiterez du calme, de couchers de soleil extraordinaires et de la nature elle-m\u00eame. \u00c0 la fois proche et loin de tout, nous pensons que c\u2019est l\u2019endroit id\u00e9al pour explorer en profondeur cette partie des Pyr\u00e9n\u00e9es Orientales.<\/p><p>\u00a0<\/p><p><strong>Cal Kali est une maison de 250 m2 situ\u00e9e sur un terrain priv\u00e9 d\u2019environ 2000 m2.<\/strong><br \/>La propri\u00e9t\u00e9 dispose au total de 5 chambres \u00e0 coucher, 3 salles de bains, 2 salons et 2 cuisines.<br \/>Lors de la r\u00e9novation de la maison, deux logements ind\u00e9pendants ont \u00e9t\u00e9 cr\u00e9\u00e9s : le rez-de-chauss\u00e9e (avec une capacit\u00e9 d\u2019accueil de 4 personnes) et le premier \u00e9tage (avec une capacit\u00e9 d\u2019accueil de 9 personnes).<\/p><p>La partie inf\u00e9rieure comprend un salon, une cuisine, une salle de bain compl\u00e8te, une buanderie et deux chambres (une dot\u00e9e d\u2019un lit double et l\u2019autre de deux lits simples).<\/p><p>Le rez-de-chauss\u00e9e offre un acc\u00e8s direct au jardin qui comporte un barbecue et un salon de jardin.<br \/>Il se compose d\u2019un grand salon avec une cuisine ouverte enti\u00e8rement \u00e9quip\u00e9e, et une grande table pouvant accueillir jusqu\u2019\u00e0 14 personnes.<\/p><p>\u00c0 l\u2019\u00e9tage, vous trouverez une grande terrasse, ainsi qu\u2019une chambre \u00e0 coucher avec 3 lits, une salle de bains compl\u00e8te et une deuxi\u00e8me buanderie qui comprend une deuxi\u00e8me douche. Il y a \u00e9galement une entr\u00e9e int\u00e9rieure et une deuxi\u00e8me entr\u00e9e ext\u00e9rieure pour le mat\u00e9riel.<\/p><p>Le deuxi\u00e8me \u00e9tage comporte deux chambres \u00e0 coucher (une dot\u00e9e d\u2019un lit double et l\u2019autre de deux lits simples) ainsi qu\u2019un canap\u00e9-lit, une salle de bains et un coin lecture\/\u00e9criture.<\/p><p>Dans le jardin se trouve aussi une grande table avec un barbecue qui offre la possibilit\u00e9 de savoureux repas.<\/p><p>\u00a0<\/p><p><strong>Cal Kali est sans aucun doute un endroit plein de charme o\u00f9 l\u2019on peut profiter en toute s\u00e9r\u00e9nit\u00e9 de la nature et du plein air.<\/strong><\/p>\t\t\t\t\t\t\t\t<\/div>\n\t\t\t\t\t<\/div>\n\t\t<\/div>\n\t\t\t\t\t<\/div>\n\t\t<\/section>\n\t\t\t\t<section class=\"elementor-section elementor-top-section elementor-element elementor-element-7cdbb10 elementor-section-full_width elementor-section-height-default elementor-section-height-default wpr-particle-no wpr-jarallax-no wpr-parallax-no wpr-sticky-section-no\" data-id=\"7cdbb10\" data-element_type=\"section\">\n\t\t\t\t\t\t<div class=\"elementor-container elementor-column-gap-default\">\n\t\t\t\t\t<div class=\"elementor-column elementor-col-100 elementor-top-column elementor-element elementor-element-ba66f14\" data-id=\"ba66f14\" data-element_type=\"column\">\n\t\t\t<div class=\"elementor-widget-wrap elementor-element-populated\">\n\t\t\t\t\t\t<div class=\"elementor-element elementor-element-8808ba2 elementor-widget elementor-widget-image-gallery\" data-id=\"8808ba2\" data-element_type=\"widget\" data-widget_type=\"image-gallery.default\">\n\t\t\t\t\t\t\t<div class=\"elementor-image-gallery\">\n\t\t\t<div id='gallery-1' class='gallery galleryid-18737 gallery-columns-4 gallery-size-full'><figure class='gallery-item'>\n\t\t\t<div class='gallery-icon landscape'>\n\t\t\t\t<a data-elementor-open-lightbox=\"yes\" data-elementor-lightbox-slideshow=\"8808ba2\" data-elementor-lightbox-title=\"vacances-pyrennes-orientales\" data-elementor-lightbox-description=\"Vacances Pyrennes Orientales\" data-e-action-hash=\"#elementor-action%3Aaction%3Dlightbox%26settings%3DeyJpZCI6MjQyMDAsInVybCI6Imh0dHBzOlwvXC93d3cub3V0bm9yZHRyYXZlbC5jb21cL3dwLWNvbnRlbnRcL3VwbG9hZHNcLzIwMjJcLzAxXC92YWNhbmNlcy1weXJlbm5lcy1vcmllbnRhbGVzLmpwZyIsInNsaWRlc2hvdyI6Ijg4MDhiYTIifQ%3D%3D\" href='https:\/\/www.outnordtravel.com\/wp-content\/uploads\/2022\/01\/vacances-pyrennes-orientales.jpg'><img fetchpriority=\"high\" decoding=\"async\" width=\"1500\" height=\"1500\" src=\"https:\/\/www.outnordtravel.com\/wp-content\/uploads\/2022\/01\/vacances-pyrennes-orientales.jpg\" class=\"attachment-full size-full\" alt=\"Vacances Pyrennes Orientales\" srcset=\"https:\/\/www.outnordtravel.com\/wp-content\/uploads\/2022\/01\/vacances-pyrennes-orientales.jpg 1500w, https:\/\/www.outnordtravel.com\/wp-content\/uploads\/2022\/01\/vacances-pyrennes-orientales-300x300.jpg 300w, https:\/\/www.outnordtravel.com\/wp-content\/uploads\/2022\/01\/vacances-pyrennes-orientales-1024x1024.jpg 1024w, https:\/\/www.outnordtravel.com\/wp-content\/uploads\/2022\/01\/vacances-pyrennes-orientales-150x150.jpg 150w, https:\/\/www.outnordtravel.com\/wp-content\/uploads\/2022\/01\/vacances-pyrennes-orientales-768x768.jpg 768w\" sizes=\"(max-width: 1500px) 100vw, 1500px\" \/><\/a>\n\t\t\t<\/div><\/figure><figure class='gallery-item'>\n\t\t\t<div class='gallery-icon landscape'>\n\t\t\t\t<a data-elementor-open-lightbox=\"yes\" data-elementor-lightbox-slideshow=\"8808ba2\" data-elementor-lightbox-title=\"senderismo-cortals\" data-elementor-lightbox-description=\"Casa rural Les Cortals\" data-e-action-hash=\"#elementor-action%3Aaction%3Dlightbox%26settings%3DeyJpZCI6MjQxOTUsInVybCI6Imh0dHBzOlwvXC93d3cub3V0bm9yZHRyYXZlbC5jb21cL3dwLWNvbnRlbnRcL3VwbG9hZHNcLzIwMjJcLzAxXC9zZW5kZXJpc21vLWNvcnRhbHMuanBnIiwic2xpZGVzaG93IjoiODgwOGJhMiJ9\" href='https:\/\/www.outnordtravel.com\/wp-content\/uploads\/2022\/01\/senderismo-cortals.jpg'><img decoding=\"async\" width=\"1500\" height=\"1500\" src=\"https:\/\/www.outnordtravel.com\/wp-content\/uploads\/2022\/01\/senderismo-cortals.jpg\" class=\"attachment-full size-full\" alt=\"Casa rural Les Cortals\" srcset=\"https:\/\/www.outnordtravel.com\/wp-content\/uploads\/2022\/01\/senderismo-cortals.jpg 1500w, https:\/\/www.outnordtravel.com\/wp-content\/uploads\/2022\/01\/senderismo-cortals-300x300.jpg 300w, https:\/\/www.outnordtravel.com\/wp-content\/uploads\/2022\/01\/senderismo-cortals-1024x1024.jpg 1024w, https:\/\/www.outnordtravel.com\/wp-content\/uploads\/2022\/01\/senderismo-cortals-150x150.jpg 150w, https:\/\/www.outnordtravel.com\/wp-content\/uploads\/2022\/01\/senderismo-cortals-768x768.jpg 768w\" sizes=\"(max-width: 1500px) 100vw, 1500px\" \/><\/a>\n\t\t\t<\/div><\/figure><figure class='gallery-item'>\n\t\t\t<div class='gallery-icon landscape'>\n\t\t\t\t<a data-elementor-open-lightbox=\"yes\" data-elementor-lightbox-slideshow=\"8808ba2\" data-elementor-lightbox-title=\"logement-cortals\" data-elementor-lightbox-description=\"Location Els Cortals\" data-e-action-hash=\"#elementor-action%3Aaction%3Dlightbox%26settings%3DeyJpZCI6MjQxOTAsInVybCI6Imh0dHBzOlwvXC93d3cub3V0bm9yZHRyYXZlbC5jb21cL3dwLWNvbnRlbnRcL3VwbG9hZHNcLzIwMjJcLzAxXC9sb2dlbWVudC1jb3J0YWxzLmpwZyIsInNsaWRlc2hvdyI6Ijg4MDhiYTIifQ%3D%3D\" href='https:\/\/www.outnordtravel.com\/wp-content\/uploads\/2022\/01\/logement-cortals.jpg'><img decoding=\"async\" width=\"1500\" height=\"1500\" src=\"https:\/\/www.outnordtravel.com\/wp-content\/uploads\/2022\/01\/logement-cortals.jpg\" class=\"attachment-full size-full\" alt=\"Location Els Cortals\" srcset=\"https:\/\/www.outnordtravel.com\/wp-content\/uploads\/2022\/01\/logement-cortals.jpg 1500w, https:\/\/www.outnordtravel.com\/wp-content\/uploads\/2022\/01\/logement-cortals-300x300.jpg 300w, https:\/\/www.outnordtravel.com\/wp-content\/uploads\/2022\/01\/logement-cortals-1024x1024.jpg 1024w, https:\/\/www.outnordtravel.com\/wp-content\/uploads\/2022\/01\/logement-cortals-150x150.jpg 150w, https:\/\/www.outnordtravel.com\/wp-content\/uploads\/2022\/01\/logement-cortals-768x768.jpg 768w\" sizes=\"(max-width: 1500px) 100vw, 1500px\" \/><\/a>\n\t\t\t<\/div><\/figure><figure class='gallery-item'>\n\t\t\t<div class='gallery-icon landscape'>\n\t\t\t\t<a data-elementor-open-lightbox=\"yes\" data-elementor-lightbox-slideshow=\"8808ba2\" data-elementor-lightbox-title=\"Cal-Kali-sala-estar\" data-elementor-lightbox-description=\"Casa rural cerda\u00f1a\" data-e-action-hash=\"#elementor-action%3Aaction%3Dlightbox%26settings%3DeyJpZCI6MjQxODUsInVybCI6Imh0dHBzOlwvXC93d3cub3V0bm9yZHRyYXZlbC5jb21cL3dwLWNvbnRlbnRcL3VwbG9hZHNcLzIwMjJcLzAxXC9DYWwtS2FsaS1zYWxhLWVzdGFyLmpwZyIsInNsaWRlc2hvdyI6Ijg4MDhiYTIifQ%3D%3D\" href='https:\/\/www.outnordtravel.com\/wp-content\/uploads\/2022\/01\/Cal-Kali-sala-estar.jpg'><img loading=\"lazy\" decoding=\"async\" width=\"1500\" height=\"1500\" src=\"https:\/\/www.outnordtravel.com\/wp-content\/uploads\/2022\/01\/Cal-Kali-sala-estar.jpg\" class=\"attachment-full size-full\" alt=\"Casa rural cerda\u00f1a\" srcset=\"https:\/\/www.outnordtravel.com\/wp-content\/uploads\/2022\/01\/Cal-Kali-sala-estar.jpg 1500w, https:\/\/www.outnordtravel.com\/wp-content\/uploads\/2022\/01\/Cal-Kali-sala-estar-300x300.jpg 300w, https:\/\/www.outnordtravel.com\/wp-content\/uploads\/2022\/01\/Cal-Kali-sala-estar-1024x1024.jpg 1024w, https:\/\/www.outnordtravel.com\/wp-content\/uploads\/2022\/01\/Cal-Kali-sala-estar-150x150.jpg 150w, https:\/\/www.outnordtravel.com\/wp-content\/uploads\/2022\/01\/Cal-Kali-sala-estar-768x768.jpg 768w\" sizes=\"(max-width: 1500px) 100vw, 1500px\" \/><\/a>\n\t\t\t<\/div><\/figure><figure class='gallery-item'>\n\t\t\t<div class='gallery-icon landscape'>\n\t\t\t\t<a data-elementor-open-lightbox=\"yes\" data-elementor-lightbox-slideshow=\"8808ba2\" data-elementor-lightbox-title=\"Cal-Kali-jardin\" data-elementor-lightbox-description=\"Casa rural Pirineos Orientales\" data-e-action-hash=\"#elementor-action%3Aaction%3Dlightbox%26settings%3DeyJpZCI6MjQxODAsInVybCI6Imh0dHBzOlwvXC93d3cub3V0bm9yZHRyYXZlbC5jb21cL3dwLWNvbnRlbnRcL3VwbG9hZHNcLzIwMjJcLzAxXC9DYWwtS2FsaS1qYXJkaW4uanBnIiwic2xpZGVzaG93IjoiODgwOGJhMiJ9\" href='https:\/\/www.outnordtravel.com\/wp-content\/uploads\/2022\/01\/Cal-Kali-jardin.jpg'><img loading=\"lazy\" decoding=\"async\" width=\"1500\" height=\"1500\" src=\"https:\/\/www.outnordtravel.com\/wp-content\/uploads\/2022\/01\/Cal-Kali-jardin.jpg\" class=\"attachment-full size-full\" alt=\"Casa rural Pirineos Orientales\" srcset=\"https:\/\/www.outnordtravel.com\/wp-content\/uploads\/2022\/01\/Cal-Kali-jardin.jpg 1500w, https:\/\/www.outnordtravel.com\/wp-content\/uploads\/2022\/01\/Cal-Kali-jardin-300x300.jpg 300w, https:\/\/www.outnordtravel.com\/wp-content\/uploads\/2022\/01\/Cal-Kali-jardin-1024x1024.jpg 1024w, https:\/\/www.outnordtravel.com\/wp-content\/uploads\/2022\/01\/Cal-Kali-jardin-150x150.jpg 150w, https:\/\/www.outnordtravel.com\/wp-content\/uploads\/2022\/01\/Cal-Kali-jardin-768x768.jpg 768w\" sizes=\"(max-width: 1500px) 100vw, 1500px\" \/><\/a>\n\t\t\t<\/div><\/figure><figure class='gallery-item'>\n\t\t\t<div class='gallery-icon landscape'>\n\t\t\t\t<a data-elementor-open-lightbox=\"yes\" data-elementor-lightbox-slideshow=\"8808ba2\" data-elementor-lightbox-title=\"Cal-Kali-atardecer\" data-elementor-lightbox-description=\"Casa rural Pirineos Orientales\" data-e-action-hash=\"#elementor-action%3Aaction%3Dlightbox%26settings%3DeyJpZCI6MjQxNzUsInVybCI6Imh0dHBzOlwvXC93d3cub3V0bm9yZHRyYXZlbC5jb21cL3dwLWNvbnRlbnRcL3VwbG9hZHNcLzIwMjJcLzAxXC9DYWwtS2FsaS1hdGFyZGVjZXIuanBnIiwic2xpZGVzaG93IjoiODgwOGJhMiJ9\" href='https:\/\/www.outnordtravel.com\/wp-content\/uploads\/2022\/01\/Cal-Kali-atardecer.jpg'><img loading=\"lazy\" decoding=\"async\" width=\"1500\" height=\"1500\" src=\"https:\/\/www.outnordtravel.com\/wp-content\/uploads\/2022\/01\/Cal-Kali-atardecer.jpg\" class=\"attachment-full size-full\" alt=\"Casa rural Pirineos Orientales\" srcset=\"https:\/\/www.outnordtravel.com\/wp-content\/uploads\/2022\/01\/Cal-Kali-atardecer.jpg 1500w, https:\/\/www.outnordtravel.com\/wp-content\/uploads\/2022\/01\/Cal-Kali-atardecer-300x300.jpg 300w, https:\/\/www.outnordtravel.com\/wp-content\/uploads\/2022\/01\/Cal-Kali-atardecer-1024x1024.jpg 1024w, https:\/\/www.outnordtravel.com\/wp-content\/uploads\/2022\/01\/Cal-Kali-atardecer-150x150.jpg 150w, https:\/\/www.outnordtravel.com\/wp-content\/uploads\/2022\/01\/Cal-Kali-atardecer-768x768.jpg 768w\" sizes=\"(max-width: 1500px) 100vw, 1500px\" \/><\/a>\n\t\t\t<\/div><\/figure><figure class='gallery-item'>\n\t\t\t<div class='gallery-icon landscape'>\n\t\t\t\t<a data-elementor-open-lightbox=\"yes\" data-elementor-lightbox-slideshow=\"8808ba2\" data-elementor-lightbox-title=\"alojamiento-cortals\" data-elementor-lightbox-description=\"Cal Kali ba\u00f1o\" data-e-action-hash=\"#elementor-action%3Aaction%3Dlightbox%26settings%3DeyJpZCI6MjQxNzAsInVybCI6Imh0dHBzOlwvXC93d3cub3V0bm9yZHRyYXZlbC5jb21cL3dwLWNvbnRlbnRcL3VwbG9hZHNcLzIwMjJcLzAxXC9hbG9qYW1pZW50by1jb3J0YWxzLmpwZyIsInNsaWRlc2hvdyI6Ijg4MDhiYTIifQ%3D%3D\" href='https:\/\/www.outnordtravel.com\/wp-content\/uploads\/2022\/01\/alojamiento-cortals.jpg'><img loading=\"lazy\" decoding=\"async\" width=\"1500\" height=\"1500\" src=\"https:\/\/www.outnordtravel.com\/wp-content\/uploads\/2022\/01\/alojamiento-cortals.jpg\" class=\"attachment-full size-full\" alt=\"Cal Kali ba\u00f1o\" srcset=\"https:\/\/www.outnordtravel.com\/wp-content\/uploads\/2022\/01\/alojamiento-cortals.jpg 1500w, https:\/\/www.outnordtravel.com\/wp-content\/uploads\/2022\/01\/alojamiento-cortals-300x300.jpg 300w, https:\/\/www.outnordtravel.com\/wp-content\/uploads\/2022\/01\/alojamiento-cortals-1024x1024.jpg 1024w, https:\/\/www.outnordtravel.com\/wp-content\/uploads\/2022\/01\/alojamiento-cortals-150x150.jpg 150w, https:\/\/www.outnordtravel.com\/wp-content\/uploads\/2022\/01\/alojamiento-cortals-768x768.jpg 768w\" sizes=\"(max-width: 1500px) 100vw, 1500px\" \/><\/a>\n\t\t\t<\/div><\/figure><figure class='gallery-item'>\n\t\t\t<div class='gallery-icon landscape'>\n\t\t\t\t<a data-elementor-open-lightbox=\"yes\" data-elementor-lightbox-slideshow=\"8808ba2\" data-elementor-lightbox-title=\"2018-08-04-20.37.10-1\" data-elementor-lightbox-description=\"Casa Rural Cal Kali\" data-e-action-hash=\"#elementor-action%3Aaction%3Dlightbox%26settings%3DeyJpZCI6MjQxNjUsInVybCI6Imh0dHBzOlwvXC93d3cub3V0bm9yZHRyYXZlbC5jb21cL3dwLWNvbnRlbnRcL3VwbG9hZHNcLzIwMjJcLzAxXC8yMDE4LTA4LTA0LTIwLjM3LjEwLTEuanBnIiwic2xpZGVzaG93IjoiODgwOGJhMiJ9\" href='https:\/\/www.outnordtravel.com\/wp-content\/uploads\/2022\/01\/2018-08-04-20.37.10-1.jpg'><img loading=\"lazy\" decoding=\"async\" width=\"1500\" height=\"1500\" src=\"https:\/\/www.outnordtravel.com\/wp-content\/uploads\/2022\/01\/2018-08-04-20.37.10-1.jpg\" class=\"attachment-full size-full\" alt=\"Casa Rural Cal Kali\" srcset=\"https:\/\/www.outnordtravel.com\/wp-content\/uploads\/2022\/01\/2018-08-04-20.37.10-1.jpg 1500w, https:\/\/www.outnordtravel.com\/wp-content\/uploads\/2022\/01\/2018-08-04-20.37.10-1-300x300.jpg 300w, https:\/\/www.outnordtravel.com\/wp-content\/uploads\/2022\/01\/2018-08-04-20.37.10-1-1024x1024.jpg 1024w, https:\/\/www.outnordtravel.com\/wp-content\/uploads\/2022\/01\/2018-08-04-20.37.10-1-150x150.jpg 150w, https:\/\/www.outnordtravel.com\/wp-content\/uploads\/2022\/01\/2018-08-04-20.37.10-1-768x768.jpg 768w\" sizes=\"(max-width: 1500px) 100vw, 1500px\" \/><\/a>\n\t\t\t<\/div><\/figure><figure class='gallery-item'>\n\t\t\t<div class='gallery-icon landscape'>\n\t\t\t\t<a data-elementor-open-lightbox=\"yes\" data-elementor-lightbox-slideshow=\"8808ba2\" data-elementor-lightbox-title=\"2017-07-04-21.46.40\" data-elementor-lightbox-description=\"Cal Kali exterior\" data-e-action-hash=\"#elementor-action%3Aaction%3Dlightbox%26settings%3DeyJpZCI6MjQxNjAsInVybCI6Imh0dHBzOlwvXC93d3cub3V0bm9yZHRyYXZlbC5jb21cL3dwLWNvbnRlbnRcL3VwbG9hZHNcLzIwMjJcLzAxXC8yMDE3LTA3LTA0LTIxLjQ2LjQwLmpwZyIsInNsaWRlc2hvdyI6Ijg4MDhiYTIifQ%3D%3D\" href='https:\/\/www.outnordtravel.com\/wp-content\/uploads\/2022\/01\/2017-07-04-21.46.40.jpg'><img loading=\"lazy\" decoding=\"async\" width=\"1500\" height=\"1500\" src=\"https:\/\/www.outnordtravel.com\/wp-content\/uploads\/2022\/01\/2017-07-04-21.46.40.jpg\" class=\"attachment-full size-full\" alt=\"Cal Kali exterior\" srcset=\"https:\/\/www.outnordtravel.com\/wp-content\/uploads\/2022\/01\/2017-07-04-21.46.40.jpg 1500w, https:\/\/www.outnordtravel.com\/wp-content\/uploads\/2022\/01\/2017-07-04-21.46.40-300x300.jpg 300w, https:\/\/www.outnordtravel.com\/wp-content\/uploads\/2022\/01\/2017-07-04-21.46.40-1024x1024.jpg 1024w, https:\/\/www.outnordtravel.com\/wp-content\/uploads\/2022\/01\/2017-07-04-21.46.40-150x150.jpg 150w, https:\/\/www.outnordtravel.com\/wp-content\/uploads\/2022\/01\/2017-07-04-21.46.40-768x768.jpg 768w\" sizes=\"(max-width: 1500px) 100vw, 1500px\" \/><\/a>\n\t\t\t<\/div><\/figure>\n\t\t<\/div>\n\t\t<\/div>\n\t\t\t\t\t\t<\/div>\n\t\t\t\t\t<\/div>\n\t\t<\/div>\n\t\t\t\t\t<\/div>\n\t\t<\/section>\n\t\t\t\t<section class=\"elementor-section elementor-top-section elementor-element elementor-element-615d64ea elementor-section-boxed elementor-section-height-default elementor-section-height-default wpr-particle-no wpr-jarallax-no wpr-parallax-no wpr-sticky-section-no\" data-id=\"615d64ea\" data-element_type=\"section\" data-settings=\"{&quot;background_background&quot;:&quot;classic&quot;}\">\n\t\t\t\t\t\t\t<div class=\"elementor-background-overlay\"><\/div>\n\t\t\t\t\t\t\t<div class=\"elementor-container elementor-column-gap-default\">\n\t\t\t\t\t<div class=\"elementor-column elementor-col-100 elementor-top-column elementor-element elementor-element-2ab47258\" data-id=\"2ab47258\" data-element_type=\"column\">\n\t\t\t<div class=\"elementor-widget-wrap elementor-element-populated\">\n\t\t\t\t\t\t<div class=\"elementor-element elementor-element-281720d5 elementor-widget elementor-widget-heading\" data-id=\"281720d5\" data-element_type=\"widget\" data-widget_type=\"heading.default\">\n\t\t\t\t\t<h2 class=\"elementor-heading-title elementor-size-default\">D\u00e9couvrez notre programme \u00e0 Les Cortals :\n<\/h2>\t\t\t\t<\/div>\n\t\t\t\t\t<\/div>\n\t\t<\/div>\n\t\t\t\t\t<\/div>\n\t\t<\/section>\n\t\t\t\t<section class=\"elementor-section elementor-top-section elementor-element elementor-element-ef18ec3 elementor-section-content-middle carousel elementor-section-boxed elementor-section-height-default elementor-section-height-default wpr-particle-no wpr-jarallax-no wpr-parallax-no wpr-sticky-section-no\" data-id=\"ef18ec3\" data-element_type=\"section\" data-settings=\"{&quot;background_background&quot;:&quot;classic&quot;}\">\n\t\t\t\t\t\t<div class=\"elementor-container elementor-column-gap-custom\">\n\t\t\t\t\t<div class=\"elementor-column elementor-col-100 elementor-top-column elementor-element elementor-element-820680f item-des\" data-id=\"820680f\" data-element_type=\"column\">\n\t\t\t<div class=\"elementor-widget-wrap elementor-element-populated\">\n\t\t\t\t\t\t<div class=\"elementor-element elementor-element-06bce6a elementor-widget elementor-widget-wp-widget-wpsp_widget\" data-id=\"06bce6a\" data-element_type=\"widget\" data-widget_type=\"wp-widget-wpsp_widget.default\">\n\t\t\t\t<div class=\"elementor-widget-container\">\n\t\t\t\t\t<style>.wp-show-posts-columns#wpsp-22793 {margin-left: -0; }.wp-show-posts-columns#wpsp-22793 .wp-show-posts-inner {margin: 0 0 0 0; }<\/style><section id=\"wpsp-22793\" class=\" wp-show-posts-columns wp-show-posts\" style=\"\"><div class=\"wpsp-no-results\" style=\"margin-left: 0;\"><p>Lo siento, no se han encontrado publicaciones.<\/p>\n<\/div><div class=\"wpsp-clear\"><\/div><\/section><!-- .wp-show-posts -->\t\t\t\t<\/div>\n\t\t\t\t<\/div>\n\t\t\t\t\t<\/div>\n\t\t<\/div>\n\t\t\t\t\t<\/div>\n\t\t<\/section>\n\t\t\t\t<section class=\"elementor-section elementor-top-section elementor-element elementor-element-5139e48e elementor-section-content-middle elementor-section-full_width elementor-hidden-desktop elementor-hidden-tablet elementor-hidden-mobile elementor-section-height-default elementor-section-height-default wpr-particle-no wpr-jarallax-no wpr-parallax-no wpr-sticky-section-no\" data-id=\"5139e48e\" data-element_type=\"section\" data-settings=\"{&quot;background_background&quot;:&quot;classic&quot;}\">\n\t\t\t\t\t\t<div class=\"elementor-container elementor-column-gap-default\">\n\t\t\t\t\t<div class=\"elementor-column elementor-col-100 elementor-top-column elementor-element elementor-element-5ab5d27\" data-id=\"5ab5d27\" data-element_type=\"column\">\n\t\t\t<div class=\"elementor-widget-wrap elementor-element-populated\">\n\t\t\t\t\t\t<section class=\"elementor-section elementor-inner-section elementor-element elementor-element-7d68279c elementor-section-content-middle elementor-section-boxed elementor-section-height-default elementor-section-height-default wpr-particle-no wpr-jarallax-no wpr-parallax-no wpr-sticky-section-no\" data-id=\"7d68279c\" data-element_type=\"section\">\n\t\t\t\t\t\t<div class=\"elementor-container elementor-column-gap-default\">\n\t\t\t\t\t<div class=\"elementor-column elementor-col-33 elementor-inner-column elementor-element elementor-element-4ca15920\" data-id=\"4ca15920\" data-element_type=\"column\">\n\t\t\t<div class=\"elementor-widget-wrap elementor-element-populated\">\n\t\t\t\t\t\t<div class=\"elementor-element elementor-element-6735663f elementor-align-center elementor-widget elementor-widget-button\" data-id=\"6735663f\" data-element_type=\"widget\" data-widget_type=\"button.default\">\n\t\t\t\t\t\t\t\t\t\t<a class=\"elementor-button elementor-button-link elementor-size-sm\" href=\"https:\/\/www.outnordtravel.com\/pirineos\/gastronomia-valle-aran\/\">\n\t\t\t\t\t\t<span class=\"elementor-button-content-wrapper\">\n\t\t\t\t\t\t<span class=\"elementor-button-icon\">\n\t\t\t\t<svg aria-hidden=\"true\" class=\"e-font-icon-svg e-far-eye\" viewBox=\"0 0 576 512\" xmlns=\"http:\/\/www.w3.org\/2000\/svg\"><path d=\"M288 144a110.94 110.94 0 0 0-31.24 5 55.4 55.4 0 0 1 7.24 27 56 56 0 0 1-56 56 55.4 55.4 0 0 1-27-7.24A111.71 111.71 0 1 0 288 144zm284.52 97.4C518.29 135.59 410.93 64 288 64S57.68 135.64 3.48 241.41a32.35 32.35 0 0 0 0 29.19C57.71 376.41 165.07 448 288 448s230.32-71.64 284.52-177.41a32.35 32.35 0 0 0 0-29.19zM288 400c-98.65 0-189.09-55-237.93-144C98.91 167 189.34 112 288 112s189.09 55 237.93 144C477.1 345 386.66 400 288 400z\"><\/path><\/svg>\t\t\t<\/span>\n\t\t\t\t\t\t\t\t\t<span class=\"elementor-button-text\">Gastronom\u00eda Valle de Ar\u00e1n<\/span>\n\t\t\t\t\t<\/span>\n\t\t\t\t\t<\/a>\n\t\t\t\t\t\t\t\t<\/div>\n\t\t\t\t\t<\/div>\n\t\t<\/div>\n\t\t\t\t<div class=\"elementor-column elementor-col-33 elementor-inner-column elementor-element elementor-element-20633602\" data-id=\"20633602\" data-element_type=\"column\">\n\t\t\t<div class=\"elementor-widget-wrap elementor-element-populated\">\n\t\t\t\t\t\t<div class=\"elementor-element elementor-element-4e1a88b1 elementor-align-center elementor-widget elementor-widget-button\" data-id=\"4e1a88b1\" data-element_type=\"widget\" data-widget_type=\"button.default\">\n\t\t\t\t\t\t\t\t\t\t<a class=\"elementor-button elementor-button-link elementor-size-sm\" href=\"https:\/\/www.outnordtravel.com\/pirineos\/sensaciones-valle-aran\/\">\n\t\t\t\t\t\t<span class=\"elementor-button-content-wrapper\">\n\t\t\t\t\t\t<span class=\"elementor-button-icon\">\n\t\t\t\t<svg aria-hidden=\"true\" class=\"e-font-icon-svg e-far-eye\" viewBox=\"0 0 576 512\" xmlns=\"http:\/\/www.w3.org\/2000\/svg\"><path d=\"M288 144a110.94 110.94 0 0 0-31.24 5 55.4 55.4 0 0 1 7.24 27 56 56 0 0 1-56 56 55.4 55.4 0 0 1-27-7.24A111.71 111.71 0 1 0 288 144zm284.52 97.4C518.29 135.59 410.93 64 288 64S57.68 135.64 3.48 241.41a32.35 32.35 0 0 0 0 29.19C57.71 376.41 165.07 448 288 448s230.32-71.64 284.52-177.41a32.35 32.35 0 0 0 0-29.19zM288 400c-98.65 0-189.09-55-237.93-144C98.91 167 189.34 112 288 112s189.09 55 237.93 144C477.1 345 386.66 400 288 400z\"><\/path><\/svg>\t\t\t<\/span>\n\t\t\t\t\t\t\t\t\t<span class=\"elementor-button-text\">Sensaciones Valle de Ar\u00e1n<\/span>\n\t\t\t\t\t<\/span>\n\t\t\t\t\t<\/a>\n\t\t\t\t\t\t\t\t<\/div>\n\t\t\t\t\t<\/div>\n\t\t<\/div>\n\t\t\t\t<div class=\"elementor-column elementor-col-33 elementor-inner-column elementor-element elementor-element-4218b9b7\" data-id=\"4218b9b7\" data-element_type=\"column\">\n\t\t\t<div class=\"elementor-widget-wrap elementor-element-populated\">\n\t\t\t\t\t\t<div class=\"elementor-element elementor-element-4d67b647 elementor-align-center elementor-mobile-align-center elementor-widget elementor-widget-button\" data-id=\"4d67b647\" data-element_type=\"widget\" data-widget_type=\"button.default\">\n\t\t\t\t\t\t\t\t\t\t<a class=\"elementor-button elementor-button-link elementor-size-md\" href=\"https:\/\/www.outnordtravel.com\/pirineos\/nuestro-equipo\/\">\n\t\t\t\t\t\t<span class=\"elementor-button-content-wrapper\">\n\t\t\t\t\t\t<span class=\"elementor-button-icon\">\n\t\t\t\t<svg aria-hidden=\"true\" class=\"e-font-icon-svg e-far-eye\" viewBox=\"0 0 576 512\" xmlns=\"http:\/\/www.w3.org\/2000\/svg\"><path d=\"M288 144a110.94 110.94 0 0 0-31.24 5 55.4 55.4 0 0 1 7.24 27 56 56 0 0 1-56 56 55.4 55.4 0 0 1-27-7.24A111.71 111.71 0 1 0 288 144zm284.52 97.4C518.29 135.59 410.93 64 288 64S57.68 135.64 3.48 241.41a32.35 32.35 0 0 0 0 29.19C57.71 376.41 165.07 448 288 448s230.32-71.64 284.52-177.41a32.35 32.35 0 0 0 0-29.19zM288 400c-98.65 0-189.09-55-237.93-144C98.91 167 189.34 112 288 112s189.09 55 237.93 144C477.1 345 386.66 400 288 400z\"><\/path><\/svg>\t\t\t<\/span>\n\t\t\t\t\t\t\t\t\t<span class=\"elementor-button-text\">Nuestro equipo<\/span>\n\t\t\t\t\t<\/span>\n\t\t\t\t\t<\/a>\n\t\t\t\t\t\t\t\t<\/div>\n\t\t\t\t\t<\/div>\n\t\t<\/div>\n\t\t\t\t\t<\/div>\n\t\t<\/section>\n\t\t\t\t\t<\/div>\n\t\t<\/div>\n\t\t\t\t\t<\/div>\n\t\t<\/section>\n\t\t\t\t<\/div>\n\t\t","protected":false},"excerpt":{"rendered":"<p>Cal Kali Cal Kali est une&nbsp;ancienne maison de montagne enti\u00e8rement r\u00e9nov\u00e9e situ\u00e9e \u00e0 Les Cortals, un petit village nich\u00e9 \u00e0 une altitude de 1 750 m\u00e8tres dans les prairies sauvages du&nbsp;Haut-Conflent, entre Font-Romeu, Les Angles et La Llagonne. Une r\u00e9gion o\u00f9 il y a encore des fermes qui fabriquent du fromage artisanal, cultivent des pommes &#8230; <a title=\"Cal Kali\" class=\"read-more\" href=\"https:\/\/www.outnordtravel.com\/fr\/pyrenees-orientales\/borda-cal-kali\/\" aria-label=\"Read more about Cal Kali\">Lire la suite<\/a><\/p>\n","protected":false},"author":4,"featured_media":16541,"parent":18713,"menu_order":0,"comment_status":"closed","ping_status":"closed","template":"","meta":{"_acf_changed":false,"footnotes":""},"class_list":{"0":"post-18737","1":"page","2":"type-page","3":"status-publish","4":"has-post-thumbnail","6":"no-featured-image-padding"},"acf":[],"_links":{"self":[{"href":"https:\/\/www.outnordtravel.com\/fr\/wp-json\/wp\/v2\/pages\/18737","targetHints":{"allow":["GET"]}}],"collection":[{"href":"https:\/\/www.outnordtravel.com\/fr\/wp-json\/wp\/v2\/pages"}],"about":[{"href":"https:\/\/www.outnordtravel.com\/fr\/wp-json\/wp\/v2\/types\/page"}],"author":[{"embeddable":true,"href":"https:\/\/www.outnordtravel.com\/fr\/wp-json\/wp\/v2\/users\/4"}],"replies":[{"embeddable":true,"href":"https:\/\/www.outnordtravel.com\/fr\/wp-json\/wp\/v2\/comments?post=18737"}],"version-history":[{"count":20,"href":"https:\/\/www.outnordtravel.com\/fr\/wp-json\/wp\/v2\/pages\/18737\/revisions"}],"predecessor-version":[{"id":28863,"href":"https:\/\/www.outnordtravel.com\/fr\/wp-json\/wp\/v2\/pages\/18737\/revisions\/28863"}],"up":[{"embeddable":true,"href":"https:\/\/www.outnordtravel.com\/fr\/wp-json\/wp\/v2\/pages\/18713"}],"wp:featuredmedia":[{"embeddable":true,"href":"https:\/\/www.outnordtravel.com\/fr\/wp-json\/wp\/v2\/media\/16541"}],"wp:attachment":[{"href":"https:\/\/www.outnordtravel.com\/fr\/wp-json\/wp\/v2\/media?parent=18737"}],"curies":[{"name":"wp","href":"https:\/\/api.w.org\/{rel}","templated":true}]}}